{"id":15995,"date":"2021-03-07T17:16:41","date_gmt":"2021-03-07T16:16:41","guid":{"rendered":"https:\/\/absi.ch\/new\/?page_id=15995"},"modified":"2023-04-29T14:04:19","modified_gmt":"2023-04-29T12:04:19","slug":"quaresima-2021","status":"publish","type":"page","link":"https:\/\/absi.ch\/new\/quaresima-2021\/","title":{"rendered":"Quaresima 2021"},"content":{"rendered":"<!--themify_builder_content-->\n<div id=\"themify_builder_content-15995\" data-postid=\"15995\" class=\"themify_builder_content themify_builder_content-15995 themify_builder tf_clear\">\n                    <div  data-lazy=\"1\" class=\"module_row themify_builder_row tb_qswa598 tb_first tf_w\">\n                        <div class=\"row_inner col_align_top tb_col_count_1 tf_box tf_rel\">\n                        <div  data-lazy=\"1\" class=\"module_column tb-column col-full tb_l7iy600 first\">\n                    <!-- module image -->\n<div  class=\"module module-image tb_qvyc612 image-top   tf_mw\" data-lazy=\"1\">\n        <div class=\"image-wrap tf_rel tf_mw\">\n            <img loading=\"lazy\" decoding=\"async\" width=\"2560\" height=\"1575\" src=\"https:\/\/absi.ch\/new\/wp-content\/uploads\/2021\/03\/anyrgb-Desert-scaled.jpg\" class=\"wp-post-image wp-image-16003\" title=\"SONY DSC\" alt=\"\" srcset=\"https:\/\/absi.ch\/new\/wp-content\/uploads\/2021\/03\/anyrgb-Desert-scaled.jpg 2560w, https:\/\/absi.ch\/new\/wp-content\/uploads\/2021\/03\/anyrgb-Desert-300x185.jpg 300w, https:\/\/absi.ch\/new\/wp-content\/uploads\/2021\/03\/anyrgb-Desert-1115x686.jpg 1115w, https:\/\/absi.ch\/new\/wp-content\/uploads\/2021\/03\/anyrgb-Desert-768x473.jpg 768w, https:\/\/absi.ch\/new\/wp-content\/uploads\/2021\/03\/anyrgb-Desert-1536x945.jpg 1536w, https:\/\/absi.ch\/new\/wp-content\/uploads\/2021\/03\/anyrgb-Desert-2048x1260.jpg 2048w\" sizes=\"auto, (max-width: 2560px) 100vw, 2560px\" \/>    \n        <\/div>\n    <!-- \/image-wrap -->\n    \n        <\/div>\n<!-- \/module image -->        <\/div>\n                        <\/div>\n        <\/div>\n                        <div  data-lazy=\"1\" class=\"module_row themify_builder_row tb_ng6i500 tf_w\">\n                        <div class=\"row_inner col_align_top tb_col_count_1 tf_box tf_rel\">\n                        <div  data-lazy=\"1\" class=\"module_column tb-column col-full tb_tjw6503 first\">\n                    <!-- module text -->\n<div  class=\"module module-text tb_8353513   \" data-lazy=\"1\">\n        <div  class=\"tb_text_wrap\">\n        <p>&#8220;Riprende anche quest&#8217;anno la felicissima iniziativa di Renzo Petraglio, apprezzato biblista ed esperto di religioni abramitiche, nel proporre, per il tempo di avvicinamento alla Pasqua cristiana, delle riflessioni a partire dalla lettura di un testo biblico e di un testo coranico. Il libro biblico del Siracide sar\u00e0 il punto di riferimento importante di questo nuovo percorso. Buona lettura a tutte e a tutti!&#8221;.<\/p>\n<p>\u00a0<\/p>\n<ul>\n<li>prima settimana<\/li>\n<\/ul>\n<p><a href=\"https:\/\/absi.ch\/new\/2021\/03\/quaresima-2021prima-settimana\/\">Riflettere e prendere cura della parola di Dio<\/a><\/p>\n<p>\u00a0<\/p>\n<ul>\n<li>seconda settimana<\/li>\n<\/ul>\n<p><a href=\"https:\/\/absi.ch\/new\/2021\/02\/quaresima-2021seconda-settimana\/\">Les chemins \u00e0 travers lesquels Dieu vient \u00e0 notre rencontre<\/a><\/p>\n<p>\u00a0<\/p>\n<ul>\n<li>terza settimana<\/li>\n<\/ul>\n<p><a href=\"https:\/\/absi.ch\/new\/2021\/02\/quaresima-2021terza-settimana\/\">\u00ab\u00a0L\u2019\u0153il\u00a0\u00bb de Dieu dans notre c\u0153ur pour d\u00e9couvrir la grandeur de ses \u0153uvres et pour nous guider<\/a><\/p>\n<p>\u00a0<\/p>\n<ul>\n<li>quarta settimana<\/li>\n<\/ul>\n<p><a href=\"https:\/\/absi.ch\/new\/2021\/03\/careme-2021-quatrieme-semaine\/\">R\u00e9fl\u00e9chir sur la parole de Dieu et agir et porter des fruits<\/a><\/p>\n<p>\u00a0<\/p>\n<ul>\n<li>quinta settimana<\/li>\n<\/ul>\n<p><a href=\"https:\/\/absi.ch\/new\/2021\/03\/careme-2021-cinquieme-semaine\/\">Celui ou celle \u00ab qui applique toute sa vie \u00e0 r\u00e9fl\u00e9chir sur la loi du Tr\u00e8s-Haut \u00bb (Si 39,1)<\/a><\/p>\n<p>\u00a0<\/p>\n<ul>\n<li>sesta settimana<\/li>\n<\/ul>\n<p><a href=\"https:\/\/absi.ch\/new\/2021\/03\/careme-2021-sixieme-semaine\/\">Une invitation \u00e0 \u00abr\u00e9fl\u00e9chir sur les myst\u00e8res du Seigneur\u00bb<\/a><\/p>\n<p>\u00a0<\/p>    <\/div>\n<\/div>\n<!-- \/module text -->        <\/div>\n                        <\/div>\n        <\/div>\n        <\/div>\n<!--\/themify_builder_content-->","protected":false},"excerpt":{"rendered":"<p>&#8220;Riprende anche quest&#8217;anno la felicissima iniziativa di Renzo Petraglio, apprezzato biblista ed esperto di religioni abramitiche, nel proporre, per il tempo di avvicinamento alla Pasqua cristiana, delle riflessioni a partire dalla lettura di un testo biblico e di un testo coranico. Il libro biblico del Siracide sar\u00e0 il punto di riferimento importante di questo nuovo [&hellip;]<\/p>\n","protected":false},"author":1,"featured_media":0,"parent":0,"menu_order":0,"comment_status":"closed","ping_status":"closed","template":"","meta":{"footnotes":""},"class_list":["post-15995","page","type-page","status-publish","hentry","has-post-title","has-post-date","has-post-category","has-post-tag","has-post-comment","has-post-author",""],"builder_content":"<img src=\"https:\/\/absi.ch\/new\/wp-content\/uploads\/2021\/03\/anyrgb-Desert-scaled.jpg\" title=\"SONY DSC\" alt=\"\" srcset=\"https:\/\/absi.ch\/new\/wp-content\/uploads\/2021\/03\/anyrgb-Desert-scaled.jpg 2560w, https:\/\/absi.ch\/new\/wp-content\/uploads\/2021\/03\/anyrgb-Desert-300x185.jpg 300w, https:\/\/absi.ch\/new\/wp-content\/uploads\/2021\/03\/anyrgb-Desert-1115x686.jpg 1115w, https:\/\/absi.ch\/new\/wp-content\/uploads\/2021\/03\/anyrgb-Desert-768x473.jpg 768w, https:\/\/absi.ch\/new\/wp-content\/uploads\/2021\/03\/anyrgb-Desert-1536x945.jpg 1536w, https:\/\/absi.ch\/new\/wp-content\/uploads\/2021\/03\/anyrgb-Desert-2048x1260.jpg 2048w\" sizes=\"(max-width: 2560px) 100vw, 2560px\" \/>\n<p>\"Riprende anche quest'anno la felicissima iniziativa di Renzo Petraglio, apprezzato biblista ed esperto di religioni abramitiche, nel proporre, per il tempo di avvicinamento alla Pasqua cristiana, delle riflessioni a partire dalla lettura di un testo biblico e di un testo coranico. Il libro biblico del Siracide sar\u00e0 il punto di riferimento importante di questo nuovo percorso. Buona lettura a tutte e a tutti!\".<\/p> <p>\u00a0<\/p> <ul> <li>prima settimana<\/li> <\/ul> <p><a href=\"https:\/\/absi.ch\/new\/2021\/03\/quaresima-2021prima-settimana\/\">Riflettere e prendere cura della parola di Dio<\/a><\/p> <p>\u00a0<\/p> <ul> <li>seconda settimana<\/li> <\/ul> <p><a href=\"https:\/\/absi.ch\/new\/2021\/02\/quaresima-2021seconda-settimana\/\">Les chemins \u00e0 travers lesquels Dieu vient \u00e0 notre rencontre<\/a><\/p> <p>\u00a0<\/p> <ul> <li>terza settimana<\/li> <\/ul> <p><a href=\"https:\/\/absi.ch\/new\/2021\/02\/quaresima-2021terza-settimana\/\">\u00ab\u00a0L\u2019\u0153il\u00a0\u00bb de Dieu dans notre c\u0153ur pour d\u00e9couvrir la grandeur de ses \u0153uvres et pour nous guider<\/a><\/p> <p>\u00a0<\/p> <ul> <li>quarta settimana<\/li> <\/ul> <p><a href=\"https:\/\/absi.ch\/new\/2021\/03\/careme-2021-quatrieme-semaine\/\">R\u00e9fl\u00e9chir sur la parole de Dieu et agir et porter des fruits<\/a><\/p> <p>\u00a0<\/p> <ul> <li>quinta settimana<\/li> <\/ul> <p><a href=\"https:\/\/absi.ch\/new\/2021\/03\/careme-2021-cinquieme-semaine\/\">Celui ou celle \u00ab qui applique toute sa vie \u00e0 r\u00e9fl\u00e9chir sur la loi du Tr\u00e8s-Haut \u00bb (Si 39,1)<\/a><\/p> <p>\u00a0<\/p> <ul> <li>sesta settimana<\/li> <\/ul> <p><a href=\"https:\/\/absi.ch\/new\/2021\/03\/careme-2021-sixieme-semaine\/\">Une invitation \u00e0 \u00abr\u00e9fl\u00e9chir sur les myst\u00e8res du Seigneur\u00bb<\/a><\/p> <p>\u00a0<\/p>","_links":{"self":[{"href":"https:\/\/absi.ch\/new\/wp-json\/wp\/v2\/pages\/15995","targetHints":{"allow":["GET"]}}],"collection":[{"href":"https:\/\/absi.ch\/new\/wp-json\/wp\/v2\/pages"}],"about":[{"href":"https:\/\/absi.ch\/new\/wp-json\/wp\/v2\/types\/page"}],"author":[{"embeddable":true,"href":"https:\/\/absi.ch\/new\/wp-json\/wp\/v2\/users\/1"}],"replies":[{"embeddable":true,"href":"https:\/\/absi.ch\/new\/wp-json\/wp\/v2\/comments?post=15995"}],"version-history":[{"count":7,"href":"https:\/\/absi.ch\/new\/wp-json\/wp\/v2\/pages\/15995\/revisions"}],"predecessor-version":[{"id":17894,"href":"https:\/\/absi.ch\/new\/wp-json\/wp\/v2\/pages\/15995\/revisions\/17894"}],"wp:attachment":[{"href":"https:\/\/absi.ch\/new\/wp-json\/wp\/v2\/media?parent=15995"}],"curies":[{"name":"wp","href":"https:\/\/api.w.org\/{rel}","templated":true}]}}